{"id":7199,"date":"2023-02-11T18:00:17","date_gmt":"2023-02-11T18:00:17","guid":{"rendered":"https:\/\/capelladeministrers.com\/?post_type=product&#038;p=7199"},"modified":"2024-04-29T00:01:41","modified_gmt":"2024-04-29T00:01:41","slug":"batailla-en-spagnol-llibre-cd-dvd","status":"publish","type":"product","link":"https:\/\/capelladeministrers.com\/ca\/discografia-ca\/batailla-en-spagnol-llibre-cd-dvd\/","title":{"rendered":"Batailla en Spagnol &#8211; Llibre + CD + DVD"},"content":{"rendered":"\n<div class=\"wp-block-group\"><div class=\"wp-block-group__inner-container is-layout-constrained wp-block-group-is-layout-constrained\">\n<div class=\"wp-block-columns is-layout-flex wp-container-core-columns-is-layout-9d6595d7 wp-block-columns-is-layout-flex\">\n<div class=\"wp-block-column is-layout-flow wp-block-column-is-layout-flow\"><style>.kt-accordion-id_d6ab27-14 .kt-accordion-inner-wrap{column-gap:var(--global-kb-gap-md, 2rem);row-gap:10px;}.kt-accordion-id_d6ab27-14 .kt-accordion-panel-inner{border-top:0px solid transparent;border-right:1px solid transparent;border-bottom:1px solid transparent;border-left:1px solid transparent;background:#ffffff;padding-top:var(--global-kb-spacing-sm, 1.5rem);padding-right:var(--global-kb-spacing-sm, 1.5rem);padding-bottom:var(--global-kb-spacing-sm, 1.5rem);padding-left:var(--global-kb-spacing-sm, 1.5rem);}.kt-accordion-id_d6ab27-14 > .kt-accordion-inner-wrap > .wp-block-kadence-pane > .kt-accordion-header-wrap > .kt-blocks-accordion-header{border-top:1px solid #eeeeee;border-right:1px solid #eeeeee;border-bottom:1px solid #eeeeee;border-left:2px solid #f7f1ee;border-top-left-radius:0px;border-top-right-radius:0px;border-bottom-right-radius:0px;border-bottom-left-radius:0px;background:#ffffff;color:#444444;padding-top:14px;padding-right:16px;padding-bottom:14px;padding-left:16px;}.kt-accordion-id_d6ab27-14:not( .kt-accodion-icon-style-basiccircle ):not( .kt-accodion-icon-style-xclosecircle ):not( .kt-accodion-icon-style-arrowcircle )  > .kt-accordion-inner-wrap > .wp-block-kadence-pane > .kt-accordion-header-wrap .kt-blocks-accordion-icon-trigger:after, .kt-accordion-id_d6ab27-14:not( .kt-accodion-icon-style-basiccircle ):not( .kt-accodion-icon-style-xclosecircle ):not( .kt-accodion-icon-style-arrowcircle )  > .kt-accordion-inner-wrap > .wp-block-kadence-pane > .kt-accordion-header-wrap .kt-blocks-accordion-icon-trigger:before{background:#444444;}.kt-accordion-id_d6ab27-14:not( .kt-accodion-icon-style-basic ):not( .kt-accodion-icon-style-xclose ):not( .kt-accodion-icon-style-arrow ) .kt-blocks-accordion-icon-trigger{background:#444444;}.kt-accordion-id_d6ab27-14:not( .kt-accodion-icon-style-basic ):not( .kt-accodion-icon-style-xclose ):not( .kt-accodion-icon-style-arrow ) .kt-blocks-accordion-icon-trigger:after, .kt-accordion-id_d6ab27-14:not( .kt-accodion-icon-style-basic ):not( .kt-accodion-icon-style-xclose ):not( .kt-accodion-icon-style-arrow ) .kt-blocks-accordion-icon-trigger:before{background:#ffffff;}.kt-accordion-id_d6ab27-14 > .kt-accordion-inner-wrap > .wp-block-kadence-pane > .kt-accordion-header-wrap > .kt-blocks-accordion-header:hover, \n\t\t\t\tbody:not(.hide-focus-outline) .kt-accordion-id_d6ab27-14 .kt-blocks-accordion-header:focus-visible{color:#444444;background:#ffffff;border-top-color:#d4d4d4;border-top-style:solid;border-right-color:#d4d4d4;border-right-style:solid;border-bottom-color:#d4d4d4;border-bottom-style:solid;border-left-color:#d4d4d4;border-left-style:solid;}.kt-accordion-id_d6ab27-14:not( .kt-accodion-icon-style-basiccircle ):not( .kt-accodion-icon-style-xclosecircle ):not( .kt-accodion-icon-style-arrowcircle ) .kt-accordion-header-wrap .kt-blocks-accordion-header:hover .kt-blocks-accordion-icon-trigger:after, .kt-accordion-id_d6ab27-14:not( .kt-accodion-icon-style-basiccircle ):not( .kt-accodion-icon-style-xclosecircle ):not( .kt-accodion-icon-style-arrowcircle ) .kt-accordion-header-wrap .kt-blocks-accordion-header:hover .kt-blocks-accordion-icon-trigger:before, body:not(.hide-focus-outline) .kt-accordion-id_d6ab27-14:not( .kt-accodion-icon-style-basiccircle ):not( .kt-accodion-icon-style-xclosecircle ):not( .kt-accodion-icon-style-arrowcircle ) .kt-blocks-accordion--visible .kt-blocks-accordion-icon-trigger:after, body:not(.hide-focus-outline) .kt-accordion-id_d6ab27-14:not( .kt-accodion-icon-style-basiccircle ):not( .kt-accodion-icon-style-xclosecircle ):not( .kt-accodion-icon-style-arrowcircle ) .kt-blocks-accordion-header:focus-visible .kt-blocks-accordion-icon-trigger:before{background:#444444;}.kt-accordion-id_d6ab27-14:not( .kt-accodion-icon-style-basic ):not( .kt-accodion-icon-style-xclose ):not( .kt-accodion-icon-style-arrow ) .kt-accordion-header-wrap .kt-blocks-accordion-header:hover .kt-blocks-accordion-icon-trigger, body:not(.hide-focus-outline) .kt-accordion-id_d6ab27-14:not( .kt-accodion-icon-style-basic ):not( .kt-accodion-icon-style-xclose ):not( .kt-accodion-icon-style-arrow ) .kt-accordion-header-wrap .kt-blocks-accordion-header:focus-visible .kt-blocks-accordion-icon-trigger{background:#444444;}.kt-accordion-id_d6ab27-14:not( .kt-accodion-icon-style-basic ):not( .kt-accodion-icon-style-xclose ):not( .kt-accodion-icon-style-arrow ) .kt-accordion-header-wrap .kt-blocks-accordion-header:hover .kt-blocks-accordion-icon-trigger:after, .kt-accordion-id_d6ab27-14:not( .kt-accodion-icon-style-basic ):not( .kt-accodion-icon-style-xclose ):not( .kt-accodion-icon-style-arrow ) .kt-accordion-header-wrap .kt-blocks-accordion-header:hover .kt-blocks-accordion-icon-trigger:before, body:not(.hide-focus-outline) .kt-accordion-id_d6ab27-14:not( .kt-accodion-icon-style-basic ):not( .kt-accodion-icon-style-xclose ):not( .kt-accodion-icon-style-arrow ) .kt-accordion-header-wrap .kt-blocks-accordion-header:focus-visible .kt-blocks-accordion-icon-trigger:after, body:not(.hide-focus-outline) .kt-accordion-id_d6ab27-14:not( .kt-accodion-icon-style-basic ):not( .kt-accodion-icon-style-xclose ):not( .kt-accodion-icon-style-arrow ) .kt-accordion-header-wrap .kt-blocks-accordion-header:focus-visible .kt-blocks-accordion-icon-trigger:before{background:#ffffff;}.kt-accordion-id_d6ab27-14 .kt-accordion-header-wrap .kt-blocks-accordion-header:focus-visible,\n\t\t\t\t.kt-accordion-id_d6ab27-14 > .kt-accordion-inner-wrap > .wp-block-kadence-pane > .kt-accordion-header-wrap > .kt-blocks-accordion-header.kt-accordion-panel-active{color:#444444;background:#ffffff;border-top-color:#eeeeee;border-top-style:solid;border-right-color:#eeeeee;border-right-style:solid;border-bottom-color:#eeeeee;border-bottom-style:solid;border-left-color:#b89992;border-left-style:solid;}.kt-accordion-id_d6ab27-14:not( .kt-accodion-icon-style-basiccircle ):not( .kt-accodion-icon-style-xclosecircle ):not( .kt-accodion-icon-style-arrowcircle )  > .kt-accordion-inner-wrap > .wp-block-kadence-pane > .kt-accordion-header-wrap > .kt-blocks-accordion-header.kt-accordion-panel-active .kt-blocks-accordion-icon-trigger:after, .kt-accordion-id_d6ab27-14:not( .kt-accodion-icon-style-basiccircle ):not( .kt-accodion-icon-style-xclosecircle ):not( .kt-accodion-icon-style-arrowcircle )  > .kt-accordion-inner-wrap > .wp-block-kadence-pane > .kt-accordion-header-wrap > .kt-blocks-accordion-header.kt-accordion-panel-active .kt-blocks-accordion-icon-trigger:before{background:#444444;}.kt-accordion-id_d6ab27-14:not( .kt-accodion-icon-style-basic ):not( .kt-accodion-icon-style-xclose ):not( .kt-accodion-icon-style-arrow ) .kt-blocks-accordion-header.kt-accordion-panel-active .kt-blocks-accordion-icon-trigger{background:#444444;}.kt-accordion-id_d6ab27-14:not( .kt-accodion-icon-style-basic ):not( .kt-accodion-icon-style-xclose ):not( .kt-accodion-icon-style-arrow ) .kt-blocks-accordion-header.kt-accordion-panel-active .kt-blocks-accordion-icon-trigger:after, .kt-accordion-id_d6ab27-14:not( .kt-accodion-icon-style-basic ):not( .kt-accodion-icon-style-xclose ):not( .kt-accodion-icon-style-arrow ) .kt-blocks-accordion-header.kt-accordion-panel-active .kt-blocks-accordion-icon-trigger:before{background:#ffffff;}@media all and (max-width: 1024px){.kt-accordion-id_d6ab27-14 .kt-accordion-panel-inner{border-top:0px solid transparent;border-right:1px solid transparent;border-bottom:1px solid transparent;border-left:1px solid transparent;}}@media all and (max-width: 1024px){.kt-accordion-id_d6ab27-14 > .kt-accordion-inner-wrap > .wp-block-kadence-pane > .kt-accordion-header-wrap > .kt-blocks-accordion-header{border-top:1px solid #eeeeee;border-right:1px solid #eeeeee;border-bottom:1px solid #eeeeee;border-left:2px solid #f7f1ee;}}@media all and (max-width: 1024px){.kt-accordion-id_d6ab27-14 > .kt-accordion-inner-wrap > .wp-block-kadence-pane > .kt-accordion-header-wrap > .kt-blocks-accordion-header:hover, \n\t\t\t\tbody:not(.hide-focus-outline) .kt-accordion-id_d6ab27-14 .kt-blocks-accordion-header:focus-visible{border-top-color:#d4d4d4;border-top-style:solid;border-right-color:#d4d4d4;border-right-style:solid;border-bottom-color:#d4d4d4;border-bottom-style:solid;border-left-color:#d4d4d4;border-left-style:solid;}}@media all and (max-width: 1024px){.kt-accordion-id_d6ab27-14 .kt-accordion-header-wrap .kt-blocks-accordion-header:focus-visible,\n\t\t\t\t.kt-accordion-id_d6ab27-14 > .kt-accordion-inner-wrap > .wp-block-kadence-pane > .kt-accordion-header-wrap > .kt-blocks-accordion-header.kt-accordion-panel-active{border-top-color:#eeeeee;border-top-style:solid;border-right-color:#eeeeee;border-right-style:solid;border-bottom-color:#eeeeee;border-bottom-style:solid;border-left-color:#b89992;border-left-style:solid;}}@media all and (max-width: 767px){.kt-accordion-id_d6ab27-14 .kt-accordion-inner-wrap{display:block;}.kt-accordion-id_d6ab27-14 .kt-accordion-inner-wrap .kt-accordion-pane:not(:first-child){margin-top:10px;}.kt-accordion-id_d6ab27-14 .kt-accordion-panel-inner{border-top:0px solid transparent;border-right:1px solid transparent;border-bottom:1px solid transparent;border-left:1px solid transparent;}.kt-accordion-id_d6ab27-14 > .kt-accordion-inner-wrap > .wp-block-kadence-pane > .kt-accordion-header-wrap > .kt-blocks-accordion-header{border-top:1px solid #eeeeee;border-right:1px solid #eeeeee;border-bottom:1px solid #eeeeee;border-left:2px solid #f7f1ee;}.kt-accordion-id_d6ab27-14 > .kt-accordion-inner-wrap > .wp-block-kadence-pane > .kt-accordion-header-wrap > .kt-blocks-accordion-header:hover, \n\t\t\t\tbody:not(.hide-focus-outline) .kt-accordion-id_d6ab27-14 .kt-blocks-accordion-header:focus-visible{border-top-color:#d4d4d4;border-top-style:solid;border-right-color:#d4d4d4;border-right-style:solid;border-bottom-color:#d4d4d4;border-bottom-style:solid;border-left-color:#d4d4d4;border-left-style:solid;}.kt-accordion-id_d6ab27-14 .kt-accordion-header-wrap .kt-blocks-accordion-header:focus-visible,\n\t\t\t\t.kt-accordion-id_d6ab27-14 > .kt-accordion-inner-wrap > .wp-block-kadence-pane > .kt-accordion-header-wrap > .kt-blocks-accordion-header.kt-accordion-panel-active{border-top-color:#eeeeee;border-top-style:solid;border-right-color:#eeeeee;border-right-style:solid;border-bottom-color:#eeeeee;border-bottom-style:solid;border-left-color:#b89992;border-left-style:solid;}}<\/style>\n<div class=\"wp-block-kadence-accordion alignnone\"><div class=\"kt-accordion-wrap kt-accordion-id_d6ab27-14 kt-accordion-has-3-panes kt-active-pane-0 kt-accordion-block kt-pane-header-alignment-left kt-accodion-icon-style-arrow kt-accodion-icon-side-right\" style=\"max-width:none\"><div class=\"kt-accordion-inner-wrap\" data-allow-multiple-open=\"false\" data-start-open=\"none\">\n<div class=\"wp-block-kadence-pane kt-accordion-pane kt-accordion-pane-1 kt-pane_624de2-1f\"><div class=\"kt-accordion-header-wrap\"><button class=\"kt-blocks-accordion-header kt-acccordion-button-label-show\"><span class=\"kt-blocks-accordion-title-wrap\"><span class=\"kt-blocks-accordion-title\">Fitxa T\u00e8cnica<\/span><\/span><span class=\"kt-blocks-accordion-icon-trigger\"><\/span><\/button><\/div><div class=\"kt-accordion-panel kt-accordion-panel-hidden\"><div class=\"kt-accordion-panel-inner\">\n<p>CDM1231<\/p>\n\n\n\n<p>Textos:<br>Ferr\u00e1n Adri\u00e0<br>Maricarmen G\u00f3mez<\/p>\n\n\n\n<p>Enginyer de so, mescles i edici\u00f3: Jorge Garc\u00eda Bastidas (dbc estudis)<\/p>\n\n\n\n<p>Portada: &#8220;Batailla&nbsp;di Smalcalda&#8221; de Francesco Salviati, fresc del Palazzo Farnese (Roma)<\/p>\n\n\n\n<p>Disseny i maquetaci\u00f3: Annabel Calatayud<\/p>\n\n\n\n<p>1 CD: 77&#8217;22&#8221; + 1 DVD<br>Dip\u00f2sit legal: V-1069-2012<br>ISBN: 978-84-615-8291-4<\/p>\n<\/div><\/div><\/div>\n\n\n\n<div class=\"wp-block-kadence-pane kt-accordion-pane kt-accordion-pane-2 kt-pane_d840da-cb\"><div class=\"kt-accordion-header-wrap\"><button class=\"kt-blocks-accordion-header kt-acccordion-button-label-show\"><span class=\"kt-blocks-accordion-title-wrap\"><span class=\"kt-blocks-accordion-title\">Int\u00e8rpretes<\/span><\/span><span class=\"kt-blocks-accordion-icon-trigger\"><\/span><\/button><\/div><div class=\"kt-accordion-panel kt-accordion-panel-hidden\"><div class=\"kt-accordion-panel-inner\">\n<p>Capella de Ministrers<\/p>\n\n\n\n<p>Carles Magraner, direcci\u00f3<\/p>\n\n\n\n<p>Pilar Esteban, soprano<\/p>\n\n\n\n<p>Jos\u00e9 Hern\u00e1ndez Pastor, contratenor<\/p>\n\n\n\n<p>Lambert Climent, tenor<\/p>\n\n\n\n<p>Jordi Ricart, bar\u00edton<\/p>\n\n\n\n<p>Carles Magraner, viola<\/p>\n\n\n\n<p>Lixsania Fern\u00e1ndez, viola<\/p>\n\n\n\n<p>Jordi Comellas, viola<\/p>\n\n\n\n<p>David Antich, flautes<\/p>\n\n\n\n<p>William Dongois, cornetto<\/p>\n\n\n\n<p>Katharina Ba\u00fcml,&nbsp;xirimia<\/p>\n\n\n\n<p>El\u00edes Hernandis, sacabutx<\/p>\n\n\n\n<p>David Garc\u00eda, sacabutx<\/p>\n\n\n\n<p>Ignasi Jord\u00e0, clave<\/p>\n\n\n\n<p>Juan Carlos de Mulder, vihuela<\/p>\n\n\n\n<p>Juan M. Rubio, zanfo\u00f1a, \u2018ud, guitarra barroca<\/p>\n\n\n\n<p>Pau Ballester, percussi\u00f3<\/p>\n\n\n\n<p>Carles Magraner, director<\/p>\n<\/div><\/div><\/div>\n\n\n\n<div class=\"wp-block-kadence-pane kt-accordion-pane kt-accordion-pane-3 kt-pane_c7b347-91\"><div class=\"kt-accordion-header-wrap\"><button class=\"kt-blocks-accordion-header kt-acccordion-button-label-show\"><span class=\"kt-blocks-accordion-title-wrap\"><span class=\"kt-blocks-accordion-title\">Contingut<\/span><\/span><span class=\"kt-blocks-accordion-icon-trigger\"><\/span><\/button><\/div><div class=\"kt-accordion-panel kt-accordion-panel-hidden\"><div class=\"kt-accordion-panel-inner\">\n<p>Mateo Fletxa el Vell (1481\u20131553):<\/p>\n\n\n\n<p>La Justa<\/p>\n\n\n\n<p>La V\u00eddua<\/p>\n\n\n\n<p>Bartolom\u00e9 C\u00e1rceres (s. XVI):<\/p>\n\n\n\n<p>La Negrina<\/p>\n\n\n\n<p>La Trulla<\/p>\n<\/div><\/div><\/div>\n<\/div><\/div><\/div>\n<\/div>\n\n\n\n<div class=\"wp-block-column is-layout-flow wp-block-column-is-layout-flow\"><style>.kt-accordion-id_adb292-c1 .kt-accordion-inner-wrap{column-gap:var(--global-kb-gap-md, 2rem);row-gap:10px;}.kt-accordion-id_adb292-c1 .kt-accordion-panel-inner{border-top:0px solid transparent;border-right:1px solid transparent;border-bottom:1px solid transparent;border-left:1px solid transparent;background:#ffffff;padding-top:var(--global-kb-spacing-sm, 1.5rem);padding-right:var(--global-kb-spacing-sm, 1.5rem);padding-bottom:var(--global-kb-spacing-sm, 1.5rem);padding-left:var(--global-kb-spacing-sm, 1.5rem);}.kt-accordion-id_adb292-c1 > .kt-accordion-inner-wrap > .wp-block-kadence-pane > .kt-accordion-header-wrap > .kt-blocks-accordion-header{border-top:1px solid #eeeeee;border-right:1px solid #eeeeee;border-bottom:1px solid #eeeeee;border-left:2px solid #f7f1ee;border-top-left-radius:0px;border-top-right-radius:0px;border-bottom-right-radius:0px;border-bottom-left-radius:0px;background:#ffffff;color:#444444;padding-top:14px;padding-right:16px;padding-bottom:14px;padding-left:16px;}.kt-accordion-id_adb292-c1:not( .kt-accodion-icon-style-basiccircle ):not( .kt-accodion-icon-style-xclosecircle ):not( .kt-accodion-icon-style-arrowcircle )  > .kt-accordion-inner-wrap > .wp-block-kadence-pane > .kt-accordion-header-wrap .kt-blocks-accordion-icon-trigger:after, .kt-accordion-id_adb292-c1:not( .kt-accodion-icon-style-basiccircle ):not( .kt-accodion-icon-style-xclosecircle ):not( .kt-accodion-icon-style-arrowcircle )  > .kt-accordion-inner-wrap > .wp-block-kadence-pane > .kt-accordion-header-wrap .kt-blocks-accordion-icon-trigger:before{background:#444444;}.kt-accordion-id_adb292-c1:not( .kt-accodion-icon-style-basic ):not( .kt-accodion-icon-style-xclose ):not( .kt-accodion-icon-style-arrow ) .kt-blocks-accordion-icon-trigger{background:#444444;}.kt-accordion-id_adb292-c1:not( .kt-accodion-icon-style-basic ):not( .kt-accodion-icon-style-xclose ):not( .kt-accodion-icon-style-arrow ) .kt-blocks-accordion-icon-trigger:after, .kt-accordion-id_adb292-c1:not( .kt-accodion-icon-style-basic ):not( .kt-accodion-icon-style-xclose ):not( .kt-accodion-icon-style-arrow ) .kt-blocks-accordion-icon-trigger:before{background:#ffffff;}.kt-accordion-id_adb292-c1 > .kt-accordion-inner-wrap > .wp-block-kadence-pane > .kt-accordion-header-wrap > .kt-blocks-accordion-header:hover, \n\t\t\t\tbody:not(.hide-focus-outline) .kt-accordion-id_adb292-c1 .kt-blocks-accordion-header:focus-visible{color:#444444;background:#ffffff;border-top-color:#d4d4d4;border-top-style:solid;border-right-color:#d4d4d4;border-right-style:solid;border-bottom-color:#d4d4d4;border-bottom-style:solid;border-left-color:#d4d4d4;border-left-style:solid;}.kt-accordion-id_adb292-c1:not( .kt-accodion-icon-style-basiccircle ):not( .kt-accodion-icon-style-xclosecircle ):not( .kt-accodion-icon-style-arrowcircle ) .kt-accordion-header-wrap .kt-blocks-accordion-header:hover .kt-blocks-accordion-icon-trigger:after, .kt-accordion-id_adb292-c1:not( .kt-accodion-icon-style-basiccircle ):not( .kt-accodion-icon-style-xclosecircle ):not( .kt-accodion-icon-style-arrowcircle ) .kt-accordion-header-wrap .kt-blocks-accordion-header:hover .kt-blocks-accordion-icon-trigger:before, body:not(.hide-focus-outline) .kt-accordion-id_adb292-c1:not( .kt-accodion-icon-style-basiccircle ):not( .kt-accodion-icon-style-xclosecircle ):not( .kt-accodion-icon-style-arrowcircle ) .kt-blocks-accordion--visible .kt-blocks-accordion-icon-trigger:after, body:not(.hide-focus-outline) .kt-accordion-id_adb292-c1:not( .kt-accodion-icon-style-basiccircle ):not( .kt-accodion-icon-style-xclosecircle ):not( .kt-accodion-icon-style-arrowcircle ) .kt-blocks-accordion-header:focus-visible .kt-blocks-accordion-icon-trigger:before{background:#444444;}.kt-accordion-id_adb292-c1:not( .kt-accodion-icon-style-basic ):not( .kt-accodion-icon-style-xclose ):not( .kt-accodion-icon-style-arrow ) .kt-accordion-header-wrap .kt-blocks-accordion-header:hover .kt-blocks-accordion-icon-trigger, body:not(.hide-focus-outline) .kt-accordion-id_adb292-c1:not( .kt-accodion-icon-style-basic ):not( .kt-accodion-icon-style-xclose ):not( .kt-accodion-icon-style-arrow ) .kt-accordion-header-wrap .kt-blocks-accordion-header:focus-visible .kt-blocks-accordion-icon-trigger{background:#444444;}.kt-accordion-id_adb292-c1:not( .kt-accodion-icon-style-basic ):not( .kt-accodion-icon-style-xclose ):not( .kt-accodion-icon-style-arrow ) .kt-accordion-header-wrap .kt-blocks-accordion-header:hover .kt-blocks-accordion-icon-trigger:after, .kt-accordion-id_adb292-c1:not( .kt-accodion-icon-style-basic ):not( .kt-accodion-icon-style-xclose ):not( .kt-accodion-icon-style-arrow ) .kt-accordion-header-wrap .kt-blocks-accordion-header:hover .kt-blocks-accordion-icon-trigger:before, body:not(.hide-focus-outline) .kt-accordion-id_adb292-c1:not( .kt-accodion-icon-style-basic ):not( .kt-accodion-icon-style-xclose ):not( .kt-accodion-icon-style-arrow ) .kt-accordion-header-wrap .kt-blocks-accordion-header:focus-visible .kt-blocks-accordion-icon-trigger:after, body:not(.hide-focus-outline) .kt-accordion-id_adb292-c1:not( .kt-accodion-icon-style-basic ):not( .kt-accodion-icon-style-xclose ):not( .kt-accodion-icon-style-arrow ) .kt-accordion-header-wrap .kt-blocks-accordion-header:focus-visible .kt-blocks-accordion-icon-trigger:before{background:#ffffff;}.kt-accordion-id_adb292-c1 .kt-accordion-header-wrap .kt-blocks-accordion-header:focus-visible,\n\t\t\t\t.kt-accordion-id_adb292-c1 > .kt-accordion-inner-wrap > .wp-block-kadence-pane > .kt-accordion-header-wrap > .kt-blocks-accordion-header.kt-accordion-panel-active{color:#444444;background:#ffffff;border-top-color:#eeeeee;border-top-style:solid;border-right-color:#eeeeee;border-right-style:solid;border-bottom-color:#eeeeee;border-bottom-style:solid;border-left-color:#b89992;border-left-style:solid;}.kt-accordion-id_adb292-c1:not( .kt-accodion-icon-style-basiccircle ):not( .kt-accodion-icon-style-xclosecircle ):not( .kt-accodion-icon-style-arrowcircle )  > .kt-accordion-inner-wrap > .wp-block-kadence-pane > .kt-accordion-header-wrap > .kt-blocks-accordion-header.kt-accordion-panel-active .kt-blocks-accordion-icon-trigger:after, .kt-accordion-id_adb292-c1:not( .kt-accodion-icon-style-basiccircle ):not( .kt-accodion-icon-style-xclosecircle ):not( .kt-accodion-icon-style-arrowcircle )  > .kt-accordion-inner-wrap > .wp-block-kadence-pane > .kt-accordion-header-wrap > .kt-blocks-accordion-header.kt-accordion-panel-active .kt-blocks-accordion-icon-trigger:before{background:#444444;}.kt-accordion-id_adb292-c1:not( .kt-accodion-icon-style-basic ):not( .kt-accodion-icon-style-xclose ):not( .kt-accodion-icon-style-arrow ) .kt-blocks-accordion-header.kt-accordion-panel-active .kt-blocks-accordion-icon-trigger{background:#444444;}.kt-accordion-id_adb292-c1:not( .kt-accodion-icon-style-basic ):not( .kt-accodion-icon-style-xclose ):not( .kt-accodion-icon-style-arrow ) .kt-blocks-accordion-header.kt-accordion-panel-active .kt-blocks-accordion-icon-trigger:after, .kt-accordion-id_adb292-c1:not( .kt-accodion-icon-style-basic ):not( .kt-accodion-icon-style-xclose ):not( .kt-accodion-icon-style-arrow ) .kt-blocks-accordion-header.kt-accordion-panel-active .kt-blocks-accordion-icon-trigger:before{background:#ffffff;}@media all and (max-width: 1024px){.kt-accordion-id_adb292-c1 .kt-accordion-panel-inner{border-top:0px solid transparent;border-right:1px solid transparent;border-bottom:1px solid transparent;border-left:1px solid transparent;}}@media all and (max-width: 1024px){.kt-accordion-id_adb292-c1 > .kt-accordion-inner-wrap > .wp-block-kadence-pane > .kt-accordion-header-wrap > .kt-blocks-accordion-header{border-top:1px solid #eeeeee;border-right:1px solid #eeeeee;border-bottom:1px solid #eeeeee;border-left:2px solid #f7f1ee;}}@media all and (max-width: 1024px){.kt-accordion-id_adb292-c1 > .kt-accordion-inner-wrap > .wp-block-kadence-pane > .kt-accordion-header-wrap > .kt-blocks-accordion-header:hover, \n\t\t\t\tbody:not(.hide-focus-outline) .kt-accordion-id_adb292-c1 .kt-blocks-accordion-header:focus-visible{border-top-color:#d4d4d4;border-top-style:solid;border-right-color:#d4d4d4;border-right-style:solid;border-bottom-color:#d4d4d4;border-bottom-style:solid;border-left-color:#d4d4d4;border-left-style:solid;}}@media all and (max-width: 1024px){.kt-accordion-id_adb292-c1 .kt-accordion-header-wrap .kt-blocks-accordion-header:focus-visible,\n\t\t\t\t.kt-accordion-id_adb292-c1 > .kt-accordion-inner-wrap > .wp-block-kadence-pane > .kt-accordion-header-wrap > .kt-blocks-accordion-header.kt-accordion-panel-active{border-top-color:#eeeeee;border-top-style:solid;border-right-color:#eeeeee;border-right-style:solid;border-bottom-color:#eeeeee;border-bottom-style:solid;border-left-color:#b89992;border-left-style:solid;}}@media all and (max-width: 767px){.kt-accordion-id_adb292-c1 .kt-accordion-inner-wrap{display:block;}.kt-accordion-id_adb292-c1 .kt-accordion-inner-wrap .kt-accordion-pane:not(:first-child){margin-top:10px;}.kt-accordion-id_adb292-c1 .kt-accordion-panel-inner{border-top:0px solid transparent;border-right:1px solid transparent;border-bottom:1px solid transparent;border-left:1px solid transparent;}.kt-accordion-id_adb292-c1 > .kt-accordion-inner-wrap > .wp-block-kadence-pane > .kt-accordion-header-wrap > .kt-blocks-accordion-header{border-top:1px solid #eeeeee;border-right:1px solid #eeeeee;border-bottom:1px solid #eeeeee;border-left:2px solid #f7f1ee;}.kt-accordion-id_adb292-c1 > .kt-accordion-inner-wrap > .wp-block-kadence-pane > .kt-accordion-header-wrap > .kt-blocks-accordion-header:hover, \n\t\t\t\tbody:not(.hide-focus-outline) .kt-accordion-id_adb292-c1 .kt-blocks-accordion-header:focus-visible{border-top-color:#d4d4d4;border-top-style:solid;border-right-color:#d4d4d4;border-right-style:solid;border-bottom-color:#d4d4d4;border-bottom-style:solid;border-left-color:#d4d4d4;border-left-style:solid;}.kt-accordion-id_adb292-c1 .kt-accordion-header-wrap .kt-blocks-accordion-header:focus-visible,\n\t\t\t\t.kt-accordion-id_adb292-c1 > .kt-accordion-inner-wrap > .wp-block-kadence-pane > .kt-accordion-header-wrap > .kt-blocks-accordion-header.kt-accordion-panel-active{border-top-color:#eeeeee;border-top-style:solid;border-right-color:#eeeeee;border-right-style:solid;border-bottom-color:#eeeeee;border-bottom-style:solid;border-left-color:#b89992;border-left-style:solid;}}<\/style>\n<div class=\"wp-block-kadence-accordion alignnone\"><div class=\"kt-accordion-wrap kt-accordion-id_adb292-c1 kt-accordion-has-3-panes kt-active-pane-0 kt-accordion-block kt-pane-header-alignment-left kt-accodion-icon-style-arrow kt-accodion-icon-side-right\" style=\"max-width:none\"><div class=\"kt-accordion-inner-wrap\" data-allow-multiple-open=\"false\" data-start-open=\"none\">\n<div class=\"wp-block-kadence-pane kt-accordion-pane kt-accordion-pane-1 kt-pane_d7529a-d3\"><div class=\"kt-accordion-header-wrap\"><button class=\"kt-blocks-accordion-header kt-acccordion-button-label-show\"><span class=\"kt-blocks-accordion-title-wrap\"><span class=\"kt-blocks-accordion-title\">Multimedia<\/span><\/span><span class=\"kt-blocks-accordion-icon-trigger\"><\/span><\/button><\/div><div class=\"kt-accordion-panel kt-accordion-panel-hidden\"><div class=\"kt-accordion-panel-inner\">\n<figure class=\"wp-block-embed is-type-video is-provider-youtube wp-block-embed-youtube wp-embed-aspect-16-9 wp-has-aspect-ratio\"><div class=\"wp-block-embed__wrapper\">\n<p class=\"responsive-video-wrap clr\"><iframe loading=\"lazy\" title=\"Batailla en Spagnol - Capella de Ministrers - Carles Magraner\" width=\"1200\" height=\"675\" src=\"https:\/\/www.youtube.com\/embed\/vX_6If5Ou6I?feature=oembed\" frameborder=\"0\" allow=\"accelerometer; autoplay; clipboard-write; encrypted-media; gyroscope; picture-in-picture; web-share\" allowfullscreen><\/iframe><\/p>\n<\/div><\/figure>\n\n\n\n<figure class=\"wp-block-embed is-type-video is-provider-youtube wp-block-embed-youtube wp-embed-aspect-16-9 wp-has-aspect-ratio\"><div class=\"wp-block-embed__wrapper\">\n<p class=\"responsive-video-wrap clr\"><iframe loading=\"lazy\" title=\"CAPELLA DE MINISTRERS - LA NEGRINA\" width=\"1200\" height=\"675\" src=\"https:\/\/www.youtube.com\/embed\/c4eZZmAONTo?feature=oembed\" frameborder=\"0\" allow=\"accelerometer; autoplay; clipboard-write; encrypted-media; gyroscope; picture-in-picture; web-share\" allowfullscreen><\/iframe><\/p>\n<\/div><\/figure>\n<\/div><\/div><\/div>\n\n\n\n<div class=\"wp-block-kadence-pane kt-accordion-pane kt-accordion-pane-2 kt-pane_7dea3b-7b\"><div class=\"kt-accordion-header-wrap\"><button class=\"kt-blocks-accordion-header kt-acccordion-button-label-show\"><span class=\"kt-blocks-accordion-title-wrap\"><span class=\"kt-blocks-accordion-title\">Resenyes<\/span><\/span><span class=\"kt-blocks-accordion-icon-trigger\"><\/span><\/button><\/div><div class=\"kt-accordion-panel kt-accordion-panel-hidden\"><div class=\"kt-accordion-panel-inner\">\n<p>En l&#8217;afavoridor entorn cultural propiciat per la cort dels ducs de Cal\u00e0bria en la Val\u00e8ncia del segle XVI, Mateo Fletxa es va moure com un aut\u00e8ntic innovador. Les seues amanides van aportar frescor i teatralitat al g\u00e8nere paralit\u00fargico per excel\u00b7l\u00e8ncia de l&#8217;\u00e8poca, el del villancet, conservant malgrat a\u00e7\u00f2 les seues pretensions moralitzadores. L&#8217;<em>ensalada&nbsp;<\/em>no era una altra cosa que un collage en el qual els autors combinaven elements po\u00e8tics i musicals de molt diferent origen i condici\u00f3 en una unitat art\u00edstica. La mescla d&#8217;idiomes i de registres (el prof\u00e0 i ho sacre, el culte i el popular, l&#8217;\u00e8pic i el grotesc\u2026) donava a aquestes peces polif\u00f2niques un car\u00e0cter teatral que trobava el seu millor acomodament en les celebracions nadalenques.<\/p>\n\n\n\n<p>Si en Fletxa l&#8217;amalgama \u00e9s tan perfecta que retirant un ingredient la recepta musical resulta impossible de servir, en el seu principal continuador, Bartolom\u00e9 C\u00e1rceres, es tracta m\u00e9s de construir una pe\u00e7a mitjan\u00e7ant l&#8217;addici\u00f3 de seccions, que poden aconseguir sentit en si mateixes. S\u00f3n dues&nbsp;<em>ensaladas&nbsp;<\/em>&nbsp;de Fletxa (La Justa i La V\u00eddua) al costat de les dues m\u00e9s conegudes de C\u00e1rceres (La Trulla i La Negrina) les que conformen l&#8217;\u00faltim treball de la Capella de Ministrers, que es presenta en doble format (CD i DVD, registrat aquest en un concert celebrat en l&#8217;Esgl\u00e9sia del Patriarca de Val\u00e8ncia al desembre de 2011). Amb un quartet vocal ben representatiu del que ha significat el desenvolupament de la m\u00fasica antiga espanyola en els \u00faltims vint anys (Pilar Esteban, Jos\u00e9 Hern\u00e1ndez Pastor, Lambert Climent, Jordi Ricart) i un equip instrumental de ben reconeguda excel\u00b7l\u00e8ncia, Carles Magraner signa unes lectures incisives, fresques, expressives i vers\u00e0tils. L&#8217;edici\u00f3, en format lliure-disc i bellament il\u00b7lustrada, inclou un instructiu article de Maricarmen G\u00f3mez i una breu reflexi\u00f3 de Ferr\u00e1n Adri\u00e0 sobre el ritme en la m\u00fasica i en la confecci\u00f3 dels seus men\u00fas de degustaci\u00f3. Bon app\u00e9tit !.<\/p>\n\n\n\n<p><strong>Pablo J. Vay\u00f3n<\/strong><\/p>\n\n\n\n<p>Immers en el proc\u00e9s d&#8217;estudi del repertori d&#8217;aquest disc sempre em va semblar m\u00e9s que curi\u00f3s presentar-ho com a&nbsp;<em>ensaladas<\/em>. En un sentit general el vocable fa refer\u00e8ncia a una mescla d&#8217;hortalisses amanida i en el que ens concerneix, el seu sentit figurat, a una composici\u00f3 po\u00e8tica que integra versos d&#8217;altres poemes coneguts o que combina m\u00e8triques diferents. Aix\u00ed comprenem el significat que tanca aquesta denominaci\u00f3 en el musical i que va navegar per la hist\u00f2ria abrigallant influ\u00e8ncies de la nadala fins a la seua consolidaci\u00f3 com a g\u00e8nere de la m\u00e0 de Mateo Fletxa el Vell.<\/p>\n\n\n\n<p>En l&#8217;\u00e0mbit musical,&nbsp;<em>ensalada<\/em>&nbsp;\u00e9s el nom que donaven els m\u00fasics espanyols del segle XVI a una composici\u00f3 vocal polif\u00f2nica en la qual es barrejaven els g\u00e8neres religi\u00f3s i prof\u00e0, idiomes o dialectes i altres components. De manera que en l&#8217;<em>ensalada&nbsp;<\/em>musical, en lloc d&#8217;ingredients gastron\u00f2mics, es mixturan estils i lleng\u00fces, amalgamant a m\u00e9s el c\u00f2mic, el seri\u00f3s, el popular i l&#8217;\u00e8pic. El resultat \u00e9s un g\u00e8nere literariomusical \u2013i potser esc\u00e8nic\u2013 pr\u00f2piament hisp\u00e0. Els estudiosos la relacionen amb el quodlibet (del llat\u00ed quod, quin, i libet, plaure), composici\u00f3 polif\u00f2nica alemanya que combina diferents textos i melodies populars en contrapunt, fent-se tamb\u00e9 referencia a un estil madrigalesc amb elements heterogenis. Les&nbsp;<em>ensaladas<\/em>&nbsp;es cantaven generalment en Nadal per a diversi\u00f3 dels cortesans, que haurien de gaudir enormement de l&#8217;alternan\u00e7a dels seus ritmes, passant del dram\u00e0tic al c\u00f2mic i del murri a l&#8217;\u00e8pic; i per descomptat amb la seua representaci\u00f3 esc\u00e8nica, si \u00e9s que es representaven, transcendiendo aix\u00ed del simple entreteniment amb el seu missatge cr\u00edtic. La popularitat del g\u00e8nere en l&#8217;\u00e8poca la podem veure fins i tot en El Cortes\u00e0 de Luis Mil\u00e0 quan en la sisena jornada li respon Donya Iseo a Don Diego:&nbsp;<em>Vos no sois mi don Trist\u00e1n, que pas\u00f3 la mar salada, mejor sois para ensalada, de truh\u00e1n.<\/em><\/p>\n\n\n\n<p>El t\u00edtol d&#8217;aquest disc,&nbsp;<em>Batailla en spagnol<\/em>, fa al\u00b7lusi\u00f3 a la denominaci\u00f3 que ofereix Jacques Moderne a l&#8217;ensalada La Justa en la seua edici\u00f3 de Li\u00f3 de 1554 (Le difficile des chansons. Second livre contenant XXVI Chansons nouvelles a Quatre parties). Per\u00f2 no per usar aqueix t\u00edtol les&nbsp;<em>ensaladas<\/em>&nbsp;deixen de ser-ho. L&#8217;originalitat del terme per a aquest g\u00e8nere musical em va provocar l&#8217;inter\u00e8s per con\u00e8ixer l&#8217;opini\u00f3 d&#8217;un cuiner sobre l&#8217;amanisc entre m\u00fasica i gastronomia. Llavors, qu\u00e8 millor que parlar amb Ferran Adri\u00e0. Amb la seua manifesta sensibilitat per a entrella\u00e7ar els sentits pel menjar li vaig entretenir una vesprada perqu\u00e8 m&#8217;escriguera sobre a\u00e7\u00f2, sobre m\u00fasica i cuina. Em va suggerir el ritme, l&#8217;estructura i la seua ordenaci\u00f3 en el temps.<\/p>\n\n\n\n<p>Per a l&#8217;entorn social i musical de la Cort del Duc de Cal\u00e0bria i Germana de Foix, virreyes de Val\u00e8ncia<em>&nbsp;simul et insolidum<\/em>, i a les seues&nbsp;<em>ensaladas<\/em>&nbsp;musicals, trobarem el text de Maricarmen G\u00f3mez Muntan\u00e9.<\/p>\n\n\n\n<p><strong>Carles Magraner<\/strong><\/p>\n<\/div><\/div><\/div>\n\n\n\n<div class=\"wp-block-kadence-pane kt-accordion-pane kt-accordion-pane-3 kt-pane_dcf1e9-54\"><div class=\"kt-accordion-header-wrap\"><button class=\"kt-blocks-accordion-header kt-acccordion-button-label-show\"><span class=\"kt-blocks-accordion-title-wrap\"><span class=\"kt-blocks-accordion-title\">Desc\u00e0rrega Digital<\/span><\/span><span class=\"kt-blocks-accordion-icon-trigger\"><\/span><\/button><\/div><div class=\"kt-accordion-panel kt-accordion-panel-hidden\"><div class=\"kt-accordion-panel-inner\"><\/div><\/div><\/div>\n<\/div><\/div><\/div>\n<\/div>\n<\/div>\n<\/div><\/div>\n","protected":false},"excerpt":{"rendered":"<p>Ensaladas de Fletxa i C\u00e1rceres (Segle XVI). Inclou l&#8217;enregistrament en CD de dues ensaladas de Mateo Fletxa (La Justa i La V\u00eddua) i dues de Bartolom\u00e9 C\u00e1rceres (La Trulla i La Negrina). Cont\u00e9 un DVD amb un concert en directe en l&#8217;Esgl\u00e9sia del Patriarca i un videclip gravat en la Llotja de la Seda de Val\u00e8ncia, a m\u00e9s d&#8217;un text exclusiu de Ferr\u00e1n Adri\u00e0 entorn del ritme en la m\u00fasica i en la cuina.<\/p>\n","protected":false},"featured_media":5706,"template":"","meta":{"ocean_post_layout":"","ocean_both_sidebars_style":"","ocean_both_sidebars_content_width":0,"ocean_both_sidebars_sidebars_width":0,"ocean_sidebar":"0","ocean_second_sidebar":"0","ocean_disable_margins":"enable","ocean_add_body_class":"","ocean_shortcode_before_top_bar":"","ocean_shortcode_after_top_bar":"","ocean_shortcode_before_header":"","ocean_shortcode_after_header":"","ocean_has_shortcode":"","ocean_shortcode_after_title":"","ocean_shortcode_before_footer_widgets":"","ocean_shortcode_after_footer_widgets":"","ocean_shortcode_before_footer_bottom":"","ocean_shortcode_after_footer_bottom":"","ocean_display_top_bar":"default","ocean_display_header":"default","ocean_header_style":"","ocean_center_header_left_menu":"0","ocean_custom_header_template":"0","ocean_custom_logo":0,"ocean_custom_retina_logo":0,"ocean_custom_logo_max_width":0,"ocean_custom_logo_tablet_max_width":0,"ocean_custom_logo_mobile_max_width":0,"ocean_custom_logo_max_height":0,"ocean_custom_logo_tablet_max_height":0,"ocean_custom_logo_mobile_max_height":0,"ocean_header_custom_menu":"0","ocean_menu_typo_font_family":"0","ocean_menu_typo_font_subset":"","ocean_menu_typo_font_size":0,"ocean_menu_typo_font_size_tablet":0,"ocean_menu_typo_font_size_mobile":0,"ocean_menu_typo_font_size_unit":"px","ocean_menu_typo_font_weight":"","ocean_menu_typo_font_weight_tablet":"","ocean_menu_typo_font_weight_mobile":"","ocean_menu_typo_transform":"","ocean_menu_typo_transform_tablet":"","ocean_menu_typo_transform_mobile":"","ocean_menu_typo_line_height":0,"ocean_menu_typo_line_height_tablet":0,"ocean_menu_typo_line_height_mobile":0,"ocean_menu_typo_line_height_unit":"","ocean_menu_typo_spacing":0,"ocean_menu_typo_spacing_tablet":0,"ocean_menu_typo_spacing_mobile":0,"ocean_menu_typo_spacing_unit":"","ocean_menu_link_color":"","ocean_menu_link_color_hover":"","ocean_menu_link_color_active":"","ocean_menu_link_background":"","ocean_menu_link_hover_background":"","ocean_menu_link_active_background":"","ocean_menu_social_links_bg":"","ocean_menu_social_hover_links_bg":"","ocean_menu_social_links_color":"","ocean_menu_social_hover_links_color":"","ocean_disable_title":"default","ocean_disable_heading":"default","ocean_post_title":"","ocean_post_subheading":"","ocean_post_title_style":"","ocean_post_title_background_color":"","ocean_post_title_background":0,"ocean_post_title_bg_image_position":"","ocean_post_title_bg_image_attachment":"","ocean_post_title_bg_image_repeat":"","ocean_post_title_bg_image_size":"","ocean_post_title_height":0,"ocean_post_title_bg_overlay":0.5,"ocean_post_title_bg_overlay_color":"","ocean_disable_breadcrumbs":"default","ocean_breadcrumbs_color":"","ocean_breadcrumbs_separator_color":"","ocean_breadcrumbs_links_color":"","ocean_breadcrumbs_links_hover_color":"","ocean_display_footer_widgets":"default","ocean_display_footer_bottom":"default","ocean_custom_footer_template":"0"},"product_brand":[],"product_cat":[35],"product_tag":[],"class_list":{"0":"post-7199","1":"product","2":"type-product","3":"status-publish","4":"has-post-thumbnail","6":"product_cat-discografia-ca","8":"entry","9":"has-media","11":"first","12":"instock","13":"taxable","14":"shipping-taxable","15":"purchasable","16":"product-type-simple","17":"col","18":"span_1_of_4","19":"owp-content-center","20":"item-entry","21":"owp-thumbs-layout-vertical","22":"owp-btn-big","23":"owp-tabs-layout-section"},"_links":{"self":[{"href":"https:\/\/capelladeministrers.com\/ca\/wp-json\/wp\/v2\/product\/7199","targetHints":{"allow":["GET"]}}],"collection":[{"href":"https:\/\/capelladeministrers.com\/ca\/wp-json\/wp\/v2\/product"}],"about":[{"href":"https:\/\/capelladeministrers.com\/ca\/wp-json\/wp\/v2\/types\/product"}],"wp:featuredmedia":[{"embeddable":true,"href":"https:\/\/capelladeministrers.com\/ca\/wp-json\/wp\/v2\/media\/5706"}],"wp:attachment":[{"href":"https:\/\/capelladeministrers.com\/ca\/wp-json\/wp\/v2\/media?parent=7199"}],"wp:term":[{"taxonomy":"product_brand","embeddable":true,"href":"https:\/\/capelladeministrers.com\/ca\/wp-json\/wp\/v2\/product_brand?post=7199"},{"taxonomy":"product_cat","embeddable":true,"href":"https:\/\/capelladeministrers.com\/ca\/wp-json\/wp\/v2\/product_cat?post=7199"},{"taxonomy":"product_tag","embeddable":true,"href":"https:\/\/capelladeministrers.com\/ca\/wp-json\/wp\/v2\/product_tag?post=7199"}],"curies":[{"name":"wp","href":"https:\/\/api.w.org\/{rel}","templated":true}]}}