{"id":6030,"date":"2023-02-11T06:12:49","date_gmt":"2023-02-11T06:12:49","guid":{"rendered":"https:\/\/capelladeministrers.com\/biografia-carles-magraner\/"},"modified":"2026-03-25T12:20:57","modified_gmt":"2026-03-25T12:20:57","slug":"biografia-carles-magraner","status":"publish","type":"page","link":"https:\/\/capelladeministrers.com\/ca\/biografia-carles-magraner\/","title":{"rendered":"Biografia Carles Magraner"},"content":{"rendered":"\n<figure class=\"wp-block-image size-full imagen-cabecera-paginas\"><img loading=\"lazy\" decoding=\"async\" width=\"1751\" height=\"594\" src=\"https:\/\/capelladeministrers.com\/wp-content\/uploads\/2026\/03\/CMagraner_26.jpg\" alt=\"\" class=\"wp-image-11415\" srcset=\"https:\/\/capelladeministrers.com\/wp-content\/uploads\/2026\/03\/CMagraner_26.jpg 1751w, https:\/\/capelladeministrers.com\/wp-content\/uploads\/2026\/03\/CMagraner_26-300x102.jpg 300w, https:\/\/capelladeministrers.com\/wp-content\/uploads\/2026\/03\/CMagraner_26-1024x347.jpg 1024w, https:\/\/capelladeministrers.com\/wp-content\/uploads\/2026\/03\/CMagraner_26-1536x521.jpg 1536w, https:\/\/capelladeministrers.com\/wp-content\/uploads\/2026\/03\/CMagraner_26-600x204.jpg 600w\" sizes=\"auto, (max-width: 1751px) 100vw, 1751px\" \/><\/figure>\n\n\n\n<p>Carles Magraner reconegut violagambista i music\u00f2leg espanyol, \u00e9s el fundador i director de Capella de Ministrers des de 1987. La seua traject\u00f2ria s\u2019ha dedicat a la investigaci\u00f3, recuperaci\u00f3 i difusi\u00f3 del patrimoni musical hist\u00f2ric, amb un enfocament basat en el rigor acad\u00e8mic i la interpretaci\u00f3 amb instruments d\u2019\u00e8poca.<\/p>\n\n\n\n<p>Sota la seua direcci\u00f3, Capella de Ministrers s\u2019ha convertit en un referent de la m\u00fasica antiga, interpretant repertoris des de l\u2019Edat Mitjana fins al segle XIX. Han realitzat gires internacionals per pa\u00efsos com Fran\u00e7a, Alemanya, It\u00e0lia, els Estats Units, la Xina i el Marroc, actuant en importants festivals i sales de concert com el BachFestival de Leipzig i el Metropolitan Museum de Nova York.<\/p>\n\n\n\n<p>La seua extensa discografia, per a segells com Auvidis i CDM, ha sigut aclamada per la cr\u00edtica i guardonada amb premis prestigiosos com l\u2019International Classical Music Award (ICMA) en 2018 i 2023. Tamb\u00e9 ha rebut el Premi Carles Santos de la M\u00fasica Valenciana i la Medalla d\u2019Honor del Consell Valenci\u00e0 de Cultura en 2023.<\/p>\n\n\n\n<p>A m\u00e9s del seu treball amb Capella de Ministrers, Magraner ha col\u00b7laborat amb directors d\u2019escena, core\u00f2grafs i m\u00fasics de diverses disciplines, ampliant l\u2019impacte de la m\u00fasica antiga en diferents \u00e0mbits art\u00edstics. La seua labor continua sent clau en la difusi\u00f3 de la m\u00fasica hist\u00f2rica, consolidant Capella de Ministrers com una de les formacions m\u00e9s prestigioses del seu g\u00e8nere i reafirmant el seu comprom\u00eds amb la recuperaci\u00f3 del patrimoni musical per a les noves generacions.<br><\/p>\n\n\n<style>.wp-block-kadence-spacer.kt-block-spacer-6030_d0ca82-b3 .kt-block-spacer{height:61px;}.wp-block-kadence-spacer.kt-block-spacer-6030_d0ca82-b3 .kt-divider{border-top-width:2px;border-top-color:#eee;width:80%;border-top-style:solid;}<\/style>\n<div class=\"wp-block-kadence-spacer aligncenter kt-block-spacer-6030_d0ca82-b3\"><div class=\"kt-block-spacer kt-block-spacer-halign-center\"><hr class=\"kt-divider\"\/><\/div><\/div>\n\n\n\n<p>Carles Magraner naix a Almussafes (La Ribera Baixa, Val\u00e8ncia) on inicia els seus estudis musicals, que continua despr\u00e9s en el Conservatori Professional de Carcaixent i el Conservatori Superior de Val\u00e8ncia, obtenint els t\u00edtols de Professor de Violoncel i el Superior de Musicologia. Molt prompte, se sent captivat per la m\u00fasica antiga i s&#8217;especialitza en violoncel barroc i viola de gamba, amb estudis a Barcelona, Madrid i el Departament de Musique Ancienne del Conservatoire National de R\u00e9gion de Toulouse. A m\u00e9s, cursa diversos seminaris sobre m\u00fasica medieval, renaixentista i barroca impartits per Miquel Querol i Josep Bonastre, entre altres, completant la seua formaci\u00f3 en m\u00fasica ib\u00e8rica dels segles XI-XVIII. Obt\u00e9n el Premi a la Creativitat Musical de la Universitat de Val\u00e8ncia els anys 88 i 89 i del Ministeri de Cultura de joves int\u00e8rprets. Carles Magraner \u00e9s M\u00e0ster en M\u00fasica en l&#8217;especialitat de m\u00fasica antiga, Doctor en M\u00fasica per la Universitat Polit\u00e8cnica de Val\u00e8ncia i Acad\u00e8mic de N\u00famero per la M.I. Acad\u00e8mia de la M\u00fasica Valenciana des d&#8217;abril de 2024.<\/p>\n\n\n\n<p>Ha desenvolupat una gran activitat concert\u00edstica com a solista i en diverses agrupacions de cambra i tamb\u00e9 ha compartit els seus coneixements, d&#8217;una banda com a professor en diversos conservatoris i escoles de m\u00fasica, i per una altra amb la seua intervenci\u00f3 amb pon\u00e8ncies i confer\u00e8ncies en la Universitat de Val\u00e8ncia i Universitat d&#8217;Alacant, la Universitat Aut\u00f2noma de Barcelona, la Universitat de Girona, en l&#8217;Escola Superior de M\u00fasica d&#8217;Estocolm, Conservatori de Xangai, Escola d&#8217;Art de l&#8217;Havana, Congr\u00e9s Internacional Els mons de Vicente Mart\u00edn i Soler, participant a m\u00e9s en els cursos de m\u00fasica antiga de Pen\u00edscola i Morella, com a professor del seminari sobre Francisco Guerrero impartit en la Universitat Internacional d&#8217;Andalusia, UIA Huelva i en el curs de la Universitat Internacional Men\u00e9ndez Pelayo de Barcelona, Centre Ernest Lluch, Universitat Li\u00f32 i Sorbona de Fran\u00e7a, Conservatori de Mina Gerais a Brasil, a m\u00e9s d&#8217;altres congressos, i seminaris. L&#8217;any 2004 se li concedeix el premi c\u00edvic de la seua localitat natal. Ha estat professor especialista en m\u00fasica antiga en el Conservatori Superior de Castell\u00f3.<\/p>\n\n\n\n<p>La seua \u00e0mplia formaci\u00f3 i el seu coneixement de la m\u00fasica antiga l&#8217;han portat a ser director art\u00edstic de l&#8217;Orquestra Barroca de X\u00e0tiva i col\u00b7laborador de l&#8217;Orquestra Barroca Espanyola. Va ser becat per la Universitat de Salamanca per a la formaci\u00f3 de l&#8217;Orquestra Barroca d&#8217;aquesta universitat. Aix\u00ed mateix, ha dirigit diverses agrupacions instrumentals i vocals, entre les quals cal destacar el Cor de la Generalitat Valenciana, el quartet de violes de gamba Millennium, l&#8217;Acad\u00e8mia CdM i l&#8217;Orquestra Simf\u00f2nica d&#8217;Alacant (ADDA). Ha estat comissari del Festival Mare Nostrum del Centre Cultural La Benefic\u00e8ncia de Val\u00e8ncia i director art\u00edstic del Festival Internacional de M\u00fasica Antiga M\u00fasica, Hist\u00f2ria i Art de Val\u00e8ncia, del Festival de M\u00fasica Antiga al Palau de l&#8217;Abat (La Valldigna), aix\u00ed com de diversos cicles de m\u00fasica antiga i barroca de la Comunitat Valenciana. En 2006 dirigeix i coordina el projecte de construcci\u00f3 dels instruments basant-se en els dotze \u00e0ngels m\u00fasics de les pintures al fresc de l&#8217;altar major de la Catedral de Val\u00e8ncia, amb els quals s&#8217;ofereix un concert aquell mateix any dins dels actes de benvinguda de Sa Santedat el Papa a Val\u00e8ncia.<\/p>\n\n\n\n<p>A m\u00e9s d&#8217;aquesta traject\u00f2ria professional individual, la seua faceta m\u00e9s coneguda \u00e9s el seu treball com a fundador i director del grup valenci\u00e0 de m\u00fasica antiga i barroca Capella de Ministrers, amb el qual ha gravat nombrosos discos reconeguts com a Millor Producci\u00f3 Discogr\u00e0fica atorgat pel Ministeri de Cultura, Premi Important de l&#8217;editorial Premsa Valenciana, premis Gramophone, Goldberg, CD Compact, entre altres.<\/p>\n\n\n\n<p>Ha realitzat nombrosos concerts en els m\u00e9s prestigiosos festivals estatals i internacionals, entre els quals cal destacar l&#8217;Auditori Nacional d&#8217;Espanya, el Palau de la M\u00fasica de Val\u00e8ncia, el Palau de la M\u00fasica Catalana, l&#8217;Auditori de Lle\u00f3, el Teatre de la Maestranza, El Escorial, el Centro Conde Duque, l&#8217;Auditori de Castell\u00f3, el Teatre Cervantes, el Festival de M\u00fasica Antiga de Barcelona, Madrid Cultural 1992 (amb la recuperaci\u00f3 de l&#8217;\u00f2pera Los elementos d&#8217;Antonio Literes), el Festival de Teatre Cl\u00e0ssic d&#8217;Almagro, el Festival de M\u00fasica Antiga i Barroca de Pen\u00edscola, el Festival de Peralada, la Quinzena Musical Donostiarra, Los Veranos de la Villa (Madrid), el Festival Grec (Barcelona), el Festival Internacional de M\u00fasica i Dansa de Granada, el Festival de M\u00fasica Religiosa de Conca, Serenates a la Universitat (Val\u00e8ncia), el Festival Are More (Vigo), el Festival Medieval d&#8217;Elx, entre altres. Ha realitzat gires de concerts i ha participat en els m\u00e9s importants festivals de pa\u00efsos com Fran\u00e7a, B\u00e8lgica, Romania, Portugal, Holanda, Egipte, It\u00e0lia, Alemanya, el Marroc, Anglaterra, Pol\u00f2nia, Tun\u00edsia, Xile, Gr\u00e8cia, Argentina, Brasil, els Estats Units, M\u00e8xic, Finl\u00e0ndia, \u00c0ustria, Cuba, Cro\u00e0cia, la Xina, Alg\u00e8ria, Su\u00e8cia, Noruega, India, Col\u00f2mbia, Taiwan\u2026 D&#8217;entre els quals destaquen el Oude Muziek d&#8217;Utrecht, La Chapelle de Lyon o el concert amb el Requiem de Victoria a la catedral de Saint Patrick de Nova York. Al maig de 2008 va actuar en la inauguraci\u00f3 de la Casa de la Llengua Espanyola a Rodes (Gr\u00e8cia), presidida per S.M. La Reina Dona Sofia en viatge oficial. Eixe mateix any, el grup va participar en l&#8217;acte oficial d&#8217;homenatge al rei Jaume I que va tindre lloc en el Monestir de Poblet, amb motiu del 800 aniversari del seu naixement.<\/p>\n\n\n\n<p>La seua activitat ha anat m\u00e9s enll\u00e0 del estrictament musical, realitzant incursions en les arts esc\u00e8niques en col\u00b7laboraci\u00f3 amb reconeguts directors com \u00c0lex Rigola, Juli Leal, Vicent Genov\u00e9s, Jaume Martorell i Bigas Luna; amb core\u00f2grafs com Santiago Sempere i Toni Aparisi; amb artistes com Manolo Boix i amb m\u00fasics d&#8217;altres disciplines com Joan Enric Lluna o Miguel Mar\u00edn. Ha recuperat la versi\u00f3 escenificada de la sarsuela in\u00e8dita La madrile\u00f1a de Vicente Mart\u00edn i Soler, el primer Oratori Sacre espanyol, i una aproximaci\u00f3 hist\u00f2rica a la interpretaci\u00f3 del drama en dues parts per a la Festa de l&#8217;Assumpci\u00f3 de la Verge Maria d&#8217;Elx. La seua m\u00fasica del Cant de la Sibil\u00b7la forma part de la banda sonora de la pel\u00b7l\u00edcula Son de mar de Bigas Luna. Aquest treball va suposar l&#8217;inici d&#8217;una relaci\u00f3 professional amb el director catal\u00e0, qui en 2003 va requerir la seua participaci\u00f3 en l&#8217;adaptaci\u00f3 de les Comedias b\u00e1rbaras de Valle-Incl\u00e1n, en la clausura de la II Biennal de Val\u00e8ncia.<\/p>\n\n\n\n<p><br>\u00c9s habitual la seua col\u00b7laboraci\u00f3 amb Maricarmen G\u00f3mez Muntan\u00e9 (UAB), Josemi Lorenzo i altres music\u00f2legs i medievalistes, que han perm\u00e9s indagar en el patrimoni musical espanyol amb exemples de recuperaci\u00f3 de m\u00fasica en temps de Jaume I, Ausi\u00e0s March, Llibre Vermell, dinastia dels Borja, Can\u00e7oner de Palau i del Duc de Cal\u00e0bria (Uppsala)\u2026 Els seus estudis musicol\u00f2gics sobre el barroc valenci\u00e0 han servit per a l&#8217;edici\u00f3 de discos sobre la m\u00fasica antiga valenciana: Mat\u00edas Navarro, Jos\u00e9 Gil P\u00e9rez, trobadors de la Corona d&#8217;Arag\u00f3, Alfons el Magn\u00e0nim, entre altres. Ha publicat, juntament amb David Antich, l&#8217;edici\u00f3 cr\u00edtica de la sarsuela La Madrile\u00f1a de Vicente Mart\u00edn i Soler i junt amb Gers\u00f3n Padilla, la suite medieval Els Viatges de Tirant lo Blanch per a banda simf\u00f2nica. L&#8217;activitat de Capella de Ministrers, dirigida per Carles Magraner, es reflecteix en els m\u00e9s de 1500 concerts oferts des de la seua creaci\u00f3 en 1987 i la seua \u00e0mplia discografia, acollits tots amb molt bones cr\u00edtiques de p\u00fablic i especialistes, a m\u00e9s de premis nacionals i internacionals d&#8217;institucions i revistes professionals.<\/p>\n\n\n<style>.wp-block-kadence-spacer.kt-block-spacer-6030_2f926f-a8 .kt-block-spacer{height:60px;}.wp-block-kadence-spacer.kt-block-spacer-6030_2f926f-a8 .kt-divider{border-top-width:1px;height:1px;border-top-color:#eee;width:80%;border-top-style:solid;}<\/style>\n<div class=\"wp-block-kadence-spacer aligncenter kt-block-spacer-6030_2f926f-a8\"><div class=\"kt-block-spacer kt-block-spacer-halign-center\"><hr class=\"kt-divider\"\/><\/div><\/div>\n\n\n<style>.wp-block-kadence-advancedbtn.kt-btns6030_592685-e5, .site .entry-content .wp-block-kadence-advancedbtn.kt-btns6030_592685-e5, .wp-block-kadence-advancedbtn.kb-btns6030_592685-e5, .site .entry-content .wp-block-kadence-advancedbtn.kb-btns6030_592685-e5{margin-bottom:30px;}.wp-block-kadence-advancedbtn.kb-btns6030_592685-e5{gap:var(--global-kb-gap-xs, 0.5rem );justify-content:center;align-items:center;}.kt-btns6030_592685-e5 .kt-button{font-weight:normal;font-style:normal;}<\/style>\n<div class=\"wp-block-kadence-advancedbtn kb-buttons-wrap kb-btns6030_592685-e5\"><style>ul.menu .wp-block-kadence-advancedbtn .kb-btn6030_9f3ddc-71.kb-button{width:initial;}<\/style><a class=\"kb-button kt-button button kb-btn6030_9f3ddc-71 kt-btn-size-standard kt-btn-width-type-auto kb-btn-global-inherit  kt-btn-has-text-true kt-btn-has-svg-true  wp-block-button__link wp-block-kadence-singlebtn\" href=\"https:\/\/capelladeministrers.com\/premios\/\"><span class=\"kt-btn-inner-text\">Premis<\/span><span class=\"kb-svg-icon-wrap kb-svg-icon-fe_award kt-btn-icon-side-right\"><svg viewBox=\"0 0 24 24\"  fill=\"none\" stroke=\"currentColor\" stroke-width=\"2\" stroke-linecap=\"round\" stroke-linejoin=\"round\" xmlns=\"http:\/\/www.w3.org\/2000\/svg\"  aria-hidden=\"true\"><circle cx=\"12\" cy=\"8\" r=\"7\"\/><polyline points=\"8.21 13.89 7 23 12 20 17 23 15.79 13.88\"\/><\/svg><\/span><\/a>\n\n<style>ul.menu .wp-block-kadence-advancedbtn .kb-btn6030_465882-f1.kb-button{width:initial;}<\/style><a class=\"kb-button kt-button button kb-btn6030_465882-f1 kt-btn-size-standard kt-btn-width-type-auto kb-btn-global-inherit  kt-btn-has-text-true kt-btn-has-svg-true  wp-block-button__link wp-block-kadence-singlebtn\" href=\"http:\/\/insulaid2.academia.edu\/CarlesMagraner\" rel=\"nofollow noopener\" target=\"_blank\"><span class=\"kt-btn-inner-text\">Academia.Edu<\/span><span class=\"kb-svg-icon-wrap kb-svg-icon-fe_bookOpen kt-btn-icon-side-right\"><svg viewBox=\"0 0 24 24\"  fill=\"none\" stroke=\"currentColor\" stroke-width=\"2\" stroke-linecap=\"round\" stroke-linejoin=\"round\" xmlns=\"http:\/\/www.w3.org\/2000\/svg\"  aria-hidden=\"true\"><path d=\"M2 3h6a4 4 0 0 1 4 4v14a3 3 0 0 0-3-3H2z\"\/><path d=\"M22 3h-6a4 4 0 0 0-4 4v14a3 3 0 0 1 3-3h7z\"\/><\/svg><\/span><\/a>\n\n<style>ul.menu .wp-block-kadence-advancedbtn .kb-btn6030_2e79c9-5d.kb-button{width:initial;}<\/style><a class=\"kb-button kt-button button kb-btn6030_2e79c9-5d kt-btn-size-standard kt-btn-width-type-auto kb-btn-global-inherit  kt-btn-has-text-true kt-btn-has-svg-true  wp-block-button__link wp-block-kadence-singlebtn\" href=\"https:\/\/capelladeministrers.com\/tesis\/\"><span class=\"kt-btn-inner-text\">Tesis Doctoral PhD<\/span><span class=\"kb-svg-icon-wrap kb-svg-icon-fe_book kt-btn-icon-side-right\"><svg viewBox=\"0 0 24 24\"  fill=\"none\" stroke=\"currentColor\" stroke-width=\"2\" stroke-linecap=\"round\" stroke-linejoin=\"round\" xmlns=\"http:\/\/www.w3.org\/2000\/svg\"  aria-hidden=\"true\"><path d=\"M4 19.5A2.5 2.5 0 0 1 6.5 17H20\"\/><path d=\"M6.5 2H20v20H6.5A2.5 2.5 0 0 1 4 19.5v-15A2.5 2.5 0 0 1 6.5 2z\"\/><\/svg><\/span><\/a>\n\n<style>ul.menu .wp-block-kadence-advancedbtn .kb-btn6030_c752e2-dc.kb-button{width:initial;}<\/style><a class=\"kb-button kt-button button kb-btn6030_c752e2-dc kt-btn-size-standard kt-btn-width-type-auto kb-btn-global-inherit  kt-btn-has-text-true kt-btn-has-svg-true  wp-block-button__link wp-block-kadence-singlebtn\" href=\"https:\/\/capelladeministrers.com\/wp-content\/uploads\/2024\/09\/Discurso_Carles-Magraner.pdf\"><span class=\"kt-btn-inner-text\">Discurs Acad\u00e8mic de n\u00famero<\/span><span class=\"kb-svg-icon-wrap kb-svg-icon-fas_graduation-cap kt-btn-icon-side-right\"><svg viewBox=\"0 0 640 512\"  fill=\"currentColor\" xmlns=\"http:\/\/www.w3.org\/2000\/svg\"  aria-hidden=\"true\"><path d=\"M622.34 153.2L343.4 67.5c-15.2-4.67-31.6-4.67-46.79 0L17.66 153.2c-23.54 7.23-23.54 38.36 0 45.59l48.63 14.94c-10.67 13.19-17.23 29.28-17.88 46.9C38.78 266.15 32 276.11 32 288c0 10.78 5.68 19.85 13.86 25.65L20.33 428.53C18.11 438.52 25.71 448 35.94 448h56.11c10.24 0 17.84-9.48 15.62-19.47L82.14 313.65C90.32 307.85 96 298.78 96 288c0-11.57-6.47-21.25-15.66-26.87.76-15.02 8.44-28.3 20.69-36.72L296.6 284.5c9.06 2.78 26.44 6.25 46.79 0l278.95-85.7c23.55-7.24 23.55-38.36 0-45.6zM352.79 315.09c-28.53 8.76-52.84 3.92-65.59 0l-145.02-44.55L128 384c0 35.35 85.96 64 192 64s192-28.65 192-64l-14.18-113.47-145.03 44.56z\"\/><\/svg><\/span><\/a><\/div>\n","protected":false},"excerpt":{"rendered":"<p>Carles Magraner reconegut violagambista i music\u00f2leg espanyol, \u00e9s el fundador i director de Capella de Ministrers des de 1987. La seua traject\u00f2ria s\u2019ha dedicat a la investigaci\u00f3, recuperaci\u00f3 i difusi\u00f3 del patrimoni musical hist\u00f2ric, amb un enfocament basat en el rigor acad\u00e8mic i la interpretaci\u00f3 amb instruments d\u2019\u00e8poca. Sota la seua direcci\u00f3, Capella de Ministrers [&hellip;]<\/p>\n","protected":false},"author":1,"featured_media":0,"parent":0,"menu_order":0,"comment_status":"closed","ping_status":"closed","template":"","meta":{"ocean_post_layout":"","ocean_both_sidebars_style":"","ocean_both_sidebars_content_width":0,"ocean_both_sidebars_sidebars_width":0,"ocean_sidebar":"0","ocean_second_sidebar":"0","ocean_disable_margins":"on","ocean_add_body_class":"","ocean_shortcode_before_top_bar":"","ocean_shortcode_after_top_bar":"","ocean_shortcode_before_header":"","ocean_shortcode_after_header":"","ocean_has_shortcode":"","ocean_shortcode_after_title":"","ocean_shortcode_before_footer_widgets":"","ocean_shortcode_after_footer_widgets":"","ocean_shortcode_before_footer_bottom":"","ocean_shortcode_after_footer_bottom":"","ocean_display_top_bar":"default","ocean_display_header":"default","ocean_header_style":"","ocean_center_header_left_menu":"0","ocean_custom_header_template":"0","ocean_custom_logo":0,"ocean_custom_retina_logo":0,"ocean_custom_logo_max_width":0,"ocean_custom_logo_tablet_max_width":0,"ocean_custom_logo_mobile_max_width":0,"ocean_custom_logo_max_height":0,"ocean_custom_logo_tablet_max_height":0,"ocean_custom_logo_mobile_max_height":0,"ocean_header_custom_menu":"0","ocean_menu_typo_font_family":"0","ocean_menu_typo_font_subset":"","ocean_menu_typo_font_size":0,"ocean_menu_typo_font_size_tablet":0,"ocean_menu_typo_font_size_mobile":0,"ocean_menu_typo_font_size_unit":"px","ocean_menu_typo_font_weight":"","ocean_menu_typo_font_weight_tablet":"","ocean_menu_typo_font_weight_mobile":"","ocean_menu_typo_transform":"","ocean_menu_typo_transform_tablet":"","ocean_menu_typo_transform_mobile":"","ocean_menu_typo_line_height":0,"ocean_menu_typo_line_height_tablet":0,"ocean_menu_typo_line_height_mobile":0,"ocean_menu_typo_line_height_unit":"","ocean_menu_typo_spacing":0,"ocean_menu_typo_spacing_tablet":0,"ocean_menu_typo_spacing_mobile":0,"ocean_menu_typo_spacing_unit":"","ocean_menu_link_color":"","ocean_menu_link_color_hover":"","ocean_menu_link_color_active":"","ocean_menu_link_background":"","ocean_menu_link_hover_background":"","ocean_menu_link_active_background":"","ocean_menu_social_links_bg":"","ocean_menu_social_hover_links_bg":"","ocean_menu_social_links_color":"","ocean_menu_social_hover_links_color":"","ocean_disable_title":"enable","ocean_disable_heading":"enable","ocean_post_title":"Carles Magraner","ocean_post_subheading":"BIOGRAFIA","ocean_post_title_style":"centered","ocean_post_title_background_color":"","ocean_post_title_background":0,"ocean_post_title_bg_image_position":"","ocean_post_title_bg_image_attachment":"","ocean_post_title_bg_image_repeat":"","ocean_post_title_bg_image_size":"","ocean_post_title_height":0,"ocean_post_title_bg_overlay":0.5,"ocean_post_title_bg_overlay_color":"","ocean_disable_breadcrumbs":"default","ocean_breadcrumbs_color":"","ocean_breadcrumbs_separator_color":"","ocean_breadcrumbs_links_color":"","ocean_breadcrumbs_links_hover_color":"","ocean_display_footer_widgets":"default","ocean_display_footer_bottom":"default","ocean_custom_footer_template":"0","footnotes":""},"class_list":["post-6030","page","type-page","status-publish","hentry","entry","owp-thumbs-layout-vertical","owp-btn-big","owp-tabs-layout-section","has-no-thumbnails"],"_links":{"self":[{"href":"https:\/\/capelladeministrers.com\/ca\/wp-json\/wp\/v2\/pages\/6030","targetHints":{"allow":["GET"]}}],"collection":[{"href":"https:\/\/capelladeministrers.com\/ca\/wp-json\/wp\/v2\/pages"}],"about":[{"href":"https:\/\/capelladeministrers.com\/ca\/wp-json\/wp\/v2\/types\/page"}],"author":[{"embeddable":true,"href":"https:\/\/capelladeministrers.com\/ca\/wp-json\/wp\/v2\/users\/1"}],"replies":[{"embeddable":true,"href":"https:\/\/capelladeministrers.com\/ca\/wp-json\/wp\/v2\/comments?post=6030"}],"version-history":[{"count":1,"href":"https:\/\/capelladeministrers.com\/ca\/wp-json\/wp\/v2\/pages\/6030\/revisions"}],"predecessor-version":[{"id":11419,"href":"https:\/\/capelladeministrers.com\/ca\/wp-json\/wp\/v2\/pages\/6030\/revisions\/11419"}],"wp:attachment":[{"href":"https:\/\/capelladeministrers.com\/ca\/wp-json\/wp\/v2\/media?parent=6030"}],"curies":[{"name":"wp","href":"https:\/\/api.w.org\/{rel}","templated":true}]}}